{"id":13350,"date":"2020-11-28T10:43:56","date_gmt":"2020-11-28T09:43:56","guid":{"rendered":"http:\/\/www.bauz.at\/?page_id=13350"},"modified":"2021-04-12T09:02:34","modified_gmt":"2021-04-12T08:02:34","slug":"thursday-25-march-2021","status":"publish","type":"page","link":"https:\/\/www.bauz.at\/en\/thursday-25-march-2021\/","title":{"rendered":"Thursday, 25 March 2021"},"content":{"rendered":"<table class=\"progtable\" style=\"width: 100%; height: 1420px;\">\r\n<tbody>\r\n<tr style=\"height: 12px;\">\r\n<td style=\"background-color: #66ff00; padding-left: 10px; height: 12px; width: 96.89655172413794%;\">From 8:30: <strong>Registration<\/strong><\/td>\r\n<td style=\"height: 12px;\">\u00a0<\/td>\r\n<\/tr>\r\n<tr style=\"height: 64px;\">\r\n<td style=\"background-color: #66cc00; padding-left: 10px; width: 96.89655172413794%; height: 64px;\">9:00\u201310:30:\u00a0<b>Session 5: [Plus-energy neighbourhoods II]<br \/><\/b>Chair: Karin Stieldorf, TU Wien<\/td>\r\n<\/tr>\r\n<tr style=\"height: 24px;\">\r\n<td style=\"padding-left: 10px; width: 96.89655172413794%; height: 24px;\"><strong>Welcome: <\/strong>Andreas Pfeiler, Fachverband Steine-Keramik<\/td>\r\n<\/tr>\r\n<tr style=\"height: 0px;\">\r\n<td style=\"padding-left: 10px; width: 96.89655172413794%; height: 0px;\"><strong>Plus-energy quarter renovation of the listed Otto-Wagner-Areal in Vienna \u2013 a feasibility analysis <\/strong><strong><br \/><\/strong>Helmut Sch\u00f6berl, Klemens Schl\u00f6gl, Ernst Schriefl, Sch\u00f6berl&amp;P\u00f6ll GmbH, Vienna<\/td>\r\n<\/tr>\r\n<tr style=\"height: 104px;\">\r\n<td style=\"padding-left: 10px; width: 96.89655172413794%; height: 104px;\"><strong>\u201eQuitting Gas \u2013 typologic reappraisal for the complete phase-out of gas in the building sector&#8221; \u2013<\/strong><br \/><strong>a feasibility study for Vienna <\/strong><br \/>Peter Holzer, Renate Hammer, Felix Wimmer, David Stuckey, Matthias Kendlbacher, Institute of Building Research &amp; Innovation ZT-GmbH<strong><br \/><\/strong><\/td>\r\n<\/tr>\r\n<tr>\r\n<td style=\"padding-left: 10px; width: 96.89655172413794%;\"><strong>Energy-flexible plus-energy quarters \u2013 Dynamic comfort: Opportunities and limitations of a grid-friendly operation of buildings and quarters in times of 100% renewable energy supply<\/strong><strong><br \/><\/strong>Thomas Zelger, FH Technikum Wien, Bernhard Lipp, IBO<\/td>\r\n<td>\u00a0<\/td>\r\n<\/tr>\r\n<tr style=\"height: 84px;\">\r\n<td style=\"padding-left: 10px; width: 96.89655172413794%; background-color: #ccff00; height: 84px;\">parallel: 9:00\u201312:30 <strong>Workshop: Positive Energy Districts in Teaching and Education.<br \/>Chair: <\/strong>Simon Schneider, FH Technikum Vienna<br \/><a href=\"http:\/\/www.bauz.at\/wp-content\/uploads\/2021\/03\/BauZ-Workshop-description-PEDs-in-teaching-and-education-final.pdf\" target=\"_blank\" rel=\"noopener noreferrer\">Programme<\/a><\/td>\r\n<\/tr>\r\n<tr style=\"height: 24px;\">\r\n<td style=\"padding-left: 10px; width: 96.89655172413794%; background-color: #66ff00; height: 24px;\">10:30\u201311:00:<strong>\u00a0Break<\/strong><\/td>\r\n<\/tr>\r\n<tr style=\"height: 44px;\">\r\n<td style=\"padding-left: 10px; width: 96.89655172413794%; background-color: #66cc00; height: 44px;\">11:00\u201312:00:<b style=\"font-weight: bold;\">\u00a0Session 6: <b>[Energy-flexible quarters]<\/b><br \/><\/b>Chair: Beatriz\u00a0Sch\u00f6nstein-Wippel, Advantage Austria<\/td>\r\n<\/tr>\r\n<tr style=\"height: 44px;\">\r\n<td style=\"padding-left: 10px; width: 96.89655172413794%; height: 44px;\"><strong>HyLiving: Energy self-sufficient residential buildings with decentral energy storage of hydrogen <\/strong><br \/>Christof Drexel, drexelreduziert., Bregenz<\/td>\r\n<\/tr>\r\n<tr style=\"height: 44px;\">\r\n<td style=\"padding-left: 10px; width: 96.89655172413794%; height: 44px;\"><strong>Urban plus-energy quarters and rural sustainable energy communities: definitions and projects in Europe and from Austria<\/strong>  <br \/>Momir Tabakovic, Jens Leibold, FH Technikum Vienna<\/td>\r\n<\/tr>\r\n<tr style=\"height: 24px;\">\r\n<td style=\"padding-left: 10px; width: 96.89655172413794%; background-color: #66ff00; height: 24px;\">12:00\u201314:00:<strong><b>\u00a0Lunch\u00a0break<\/b><\/strong><\/td>\r\n<td style=\"height: 24px;\">\u00a0<\/td>\r\n<\/tr>\r\n<tr style=\"height: 64px;\">\r\n<td style=\"padding-left: 10px; width: 96.89655172413794%; background-color: #66cc00; height: 64px;\">14:00\u201315:30<b>:\u00a0Session 7: [Low-tech principles I]<\/b><br \/>Chair: Werner Merzeder, Business Finland<\/td>\r\n<\/tr>\r\n<tr style=\"height: 24px;\">\r\n<td style=\"padding-left: 10px; width: 96.89655172413794%; height: 24px;\"><strong>Low-tech, high effect! \u2013 Sustainable low-tech buildings, a concept for a climate-friendly future! <\/strong><br \/>Edeltraud Haselsteiner, Urbanity<\/td>\r\n<\/tr>\r\n<tr style=\"height: 64px;\">\r\n<td style=\"padding-left: 10px; width: 96.89655172413794%; height: 64px;\"><strong>How much technology does the sustainable house need?<\/strong><br \/>Sabine Erber, Energieinstitut Vorarlberg<\/td>\r\n<\/tr>\r\n<tr style=\"height: 44px;\">\r\n<td style=\"padding-left: 10px; width: 96.89655172413794%; height: 44px;\"><strong>Low tech strategies and user comfort in LaBorda <\/strong><br \/>Raquel Llorca, Luca Volpi, Societat Org\u00e0nica Barcelona<\/td>\r\n<\/tr>\r\n<tr style=\"height: 104px;\">\r\n<td style=\"padding-left: 10px; width: 96.89655172413794%; background-color: #ccff00; height: 104px;\">parallel: 14:00\u201318:00 <strong>Workshop (in German):\u00a0Energieeffiziente und -flexible Plusenergie-Geb\u00e4ude und Quartiere und \u201eenergieflexible\u201c NutzerInnen.<br \/>Leitung: <\/strong>Thomas Zelger, FHTW<br \/><a href=\"http:\/\/www.bauz.at\/wp-content\/uploads\/2021\/03\/BauZ_Veranstaltung_EnergieflexiblePlusenergiequartiere_Programm.pdf\" target=\"_blank\" rel=\"noopener\">Programm<\/a><\/td>\r\n<\/tr>\r\n<tr style=\"height: 24px;\">\r\n<td style=\"padding-left: 10px; width: 96.89655172413794%; background-color: #66ff00; height: 24px;\">15:30\u201316:00:<strong><b>\u00a0Break<\/b><\/strong><\/td>\r\n<\/tr>\r\n<tr style=\"height: 44px;\">\r\n<td style=\"padding-left: 10px; width: 96.89655172413794%; background-color: #66cc00; height: 44px;\">16:00\u201317:00:<strong><b>\u00a0Session 8: [Thema 3]<br \/><\/b><\/strong>Chair: Susanne\u00a0Formanek, President IBO<\/td>\r\n<\/tr>\r\n<tr style=\"height: 84px;\">\r\n<td style=\"padding-left: 10px; width: 96.89655172413794%; height: 84px;\"><strong>The Circular Economy and Construction Materials \u2013 Impact of the integral planning process throughout the life cycle<\/strong> <br \/>Anna-Vera Deinhammer, City of Vienna, Executive Group for Construction and Technology<strong><br \/><\/strong><\/td>\r\n<\/tr>\r\n<tr style=\"height: 64px;\">\r\n<td style=\"padding-left: 10px; width: 96.89655172413794%; height: 64px;\"><strong>Resource efficiency of external wall structures through enhanced planning security in sound insulation<\/strong><br \/>Maximilian Neusser, TU Wien<\/td>\r\n<\/tr>\r\n<tr style=\"height: 24px;\">\r\n<td style=\"padding-left: 10px; height: 24px; background-color: #66ff00; width: 96.89655172413794%;\">10:30\u201318:00: <b>Talks at the virtual exhibitor\u2019s desks (<\/b><span style=\"font-weight: 600;\">Details<\/span><b>\u00a0<a href=\"https:\/\/www.bauz.at\/en\/virtual-exhibitors\/\" target=\"_blank\" rel=\"noopener noreferrer\">here<\/a>)<\/b><\/td>\r\n<\/tr>\r\n<tr style=\"height: 244px;\">\r\n<td style=\"padding-left: 10px; width: 96.89655172413794%; height: 244px;\">\r\n<ul>\r\n<li><strong><a href=\"http:\/\/www.acr.ac.at\" target=\"_blank\" rel=\"noopener noreferrer\">ACR Austrian Cooperative Research<\/a><\/strong><\/li>\r\n<li><strong><a href=\"http:\/\/www.baubook.info\" target=\"_blank\" rel=\"noopener noreferrer\">baubook<\/a><\/strong><\/li>\r\n<li><strong><a href=\"http:\/\/www.bauenergieumwelt.at\" target=\"_blank\" rel=\"noopener noreferrer\">Bau.Energie.Umwelt Cluster Nieder\u00f6sterreich<\/a><\/strong><\/li>\r\n<li><strong><a href=\"https:\/\/www.ffg.at\/en\" target=\"_blank\" rel=\"noopener noreferrer\">FFG \u2013 The Austrian Research Promotion Agency<\/a><\/strong><\/li>\r\n<li><strong><a href=\"http:\/\/www.ibo.at\" target=\"_blank\" rel=\"noopener noreferrer\">IBO \u2013 \u00d6sterreichisches Institut f\u00fcr Bauen und \u00d6kologie<\/a><\/strong><\/li>\r\n<li><strong><a href=\"https:\/\/www.natureplus.org\/index.php?id=1&amp;L=2\" target=\"_blank\" rel=\"noopener noreferrer\">natureplus.org \u00a0\u2013 natural sustainable building<\/a><\/strong><\/li>\r\n<li><strong><a href=\"http:\/\/www.wirtschaftsagentur.at\" target=\"_blank\" rel=\"noopener noreferrer\">Vienna Business Agency<\/a><\/strong>\r\n<ul>\r\n<li><a href=\"https:\/\/www.bogensberger.com\" target=\"_blank\" rel=\"noopener\">Bogensberger Vermessung<\/a><\/li>\r\n<li><a href=\"https:\/\/www.grat.at\/\" target=\"_blank\" rel=\"noopener\">GRAT, Center for Appropriate Technology<\/a><\/li>\r\n<li><a href=\"https:\/\/greenpass.io\" target=\"_blank\" rel=\"noopener noreferrer\">Greenpass<\/a>\u00a0<\/li>\r\n<li><a href=\"https:\/\/en.printstones.eu\" target=\"_blank\" rel=\"noopener noreferrer\">Printstones<\/a><\/li>\r\n<li><a href=\"http:\/\/www.urbantransform.net\/\" target=\"_blank\" rel=\"noopener\">UrbanTransform Research Consulting<\/a><\/li>\r\n<\/ul>\r\n<\/li>\r\n<\/ul>\r\n<\/td>\r\n<\/tr>\r\n<\/tbody>\r\n<\/table>\r\n<p>Programme subject to changes!<\/p>\r\n","protected":false},"excerpt":{"rendered":"<p>From 8:30: Registration \u00a0 9:00\u201310:30:\u00a0Session 5: [Plus-energy neighbourhoods II]Chair: Karin Stieldorf, TU Wien Welcome: Andreas Pfeiler, Fachverband Steine-Keramik Plus-energy quarter renovation of the listed Otto-Wagner-Areal in Vienna \u2013 a feasibility analysis Helmut Sch\u00f6berl, Klemens Schl\u00f6gl, Ernst Schriefl, Sch\u00f6berl&amp;P\u00f6ll GmbH, Vienna \u201eQuitting Gas \u2013 typologic reappraisal for the complete phase-out of gas in the building sector&#8221; [&hellip;]<\/p>\n","protected":false},"author":5,"featured_media":0,"parent":0,"menu_order":0,"comment_status":"closed","ping_status":"closed","template":"","meta":{"footnotes":""},"class_list":["post-13350","page","type-page","status-publish","hentry"],"yoast_head":"<!-- This site is optimized with the Yoast SEO plugin v27.5 - https:\/\/yoast.com\/product\/yoast-seo-wordpress\/ -->\n<title>Thursday, 25 March 2021 - BauZ!<\/title>\n<meta name=\"robots\" content=\"index, follow, max-snippet:-1, max-image-preview:large, max-video-preview:-1\" \/>\n<link rel=\"canonical\" href=\"https:\/\/www.bauz.at\/en\/thursday-25-march-2021\/\" \/>\n<meta property=\"og:locale\" content=\"en_US\" \/>\n<meta property=\"og:type\" content=\"article\" \/>\n<meta property=\"og:title\" content=\"Thursday, 25 March 2021 - BauZ!\" \/>\n<meta property=\"og:description\" content=\"From 8:30: Registration \u00a0 9:00\u201310:30:\u00a0Session 5: [Plus-energy neighbourhoods II]Chair: Karin Stieldorf, TU Wien Welcome: Andreas Pfeiler, Fachverband Steine-Keramik Plus-energy quarter renovation of the listed Otto-Wagner-Areal in Vienna \u2013 a feasibility analysis Helmut Sch\u00f6berl, Klemens Schl\u00f6gl, Ernst Schriefl, Sch\u00f6berl&amp;P\u00f6ll GmbH, Vienna \u201eQuitting Gas \u2013 typologic reappraisal for the complete phase-out of gas in the building sector&#8221; [&hellip;]\" \/>\n<meta property=\"og:url\" content=\"https:\/\/www.bauz.at\/en\/thursday-25-march-2021\/\" \/>\n<meta property=\"og:site_name\" content=\"BauZ!\" \/>\n<meta property=\"article:modified_time\" content=\"2021-04-12T08:02:34+00:00\" \/>\n<meta name=\"twitter:card\" content=\"summary_large_image\" \/>\n<meta name=\"twitter:label1\" content=\"Est. reading time\" \/>\n\t<meta name=\"twitter:data1\" content=\"2 minutes\" \/>\n<script type=\"application\/ld+json\" class=\"yoast-schema-graph\">{\"@context\":\"https:\\\/\\\/schema.org\",\"@graph\":[{\"@type\":\"WebPage\",\"@id\":\"https:\\\/\\\/www.bauz.at\\\/en\\\/thursday-25-march-2021\\\/\",\"url\":\"https:\\\/\\\/www.bauz.at\\\/en\\\/thursday-25-march-2021\\\/\",\"name\":\"Thursday, 25 March 2021 - BauZ!\",\"isPartOf\":{\"@id\":\"https:\\\/\\\/www.bauz.at\\\/#website\"},\"datePublished\":\"2020-11-28T09:43:56+00:00\",\"dateModified\":\"2021-04-12T08:02:34+00:00\",\"breadcrumb\":{\"@id\":\"https:\\\/\\\/www.bauz.at\\\/en\\\/thursday-25-march-2021\\\/#breadcrumb\"},\"inLanguage\":\"en-US\",\"potentialAction\":[{\"@type\":\"ReadAction\",\"target\":[\"https:\\\/\\\/www.bauz.at\\\/en\\\/thursday-25-march-2021\\\/\"]}]},{\"@type\":\"BreadcrumbList\",\"@id\":\"https:\\\/\\\/www.bauz.at\\\/en\\\/thursday-25-march-2021\\\/#breadcrumb\",\"itemListElement\":[{\"@type\":\"ListItem\",\"position\":1,\"name\":\"Startseite\",\"item\":\"https:\\\/\\\/www.bauz.at\\\/\"},{\"@type\":\"ListItem\",\"position\":2,\"name\":\"Thursday, 25 March 2021\"}]},{\"@type\":\"WebSite\",\"@id\":\"https:\\\/\\\/www.bauz.at\\\/#website\",\"url\":\"https:\\\/\\\/www.bauz.at\\\/\",\"name\":\"BauZ!\",\"description\":\"International Congress subsequent to the Advantage Austria B2B Matchmaking Event \\\"Future of Building\\\"\",\"publisher\":{\"@id\":\"https:\\\/\\\/www.bauz.at\\\/#organization\"},\"potentialAction\":[{\"@type\":\"SearchAction\",\"target\":{\"@type\":\"EntryPoint\",\"urlTemplate\":\"https:\\\/\\\/www.bauz.at\\\/?s={search_term_string}\"},\"query-input\":{\"@type\":\"PropertyValueSpecification\",\"valueRequired\":true,\"valueName\":\"search_term_string\"}}],\"inLanguage\":\"en-US\"},{\"@type\":\"Organization\",\"@id\":\"https:\\\/\\\/www.bauz.at\\\/#organization\",\"name\":\"BauZ!\",\"url\":\"https:\\\/\\\/www.bauz.at\\\/\",\"logo\":{\"@type\":\"ImageObject\",\"inLanguage\":\"en-US\",\"@id\":\"https:\\\/\\\/www.bauz.at\\\/#\\\/schema\\\/logo\\\/image\\\/\",\"url\":\"https:\\\/\\\/www.bauz.at\\\/wp-content\\\/uploads\\\/2022\\\/04\\\/bauz_logo640.jpg\",\"contentUrl\":\"https:\\\/\\\/www.bauz.at\\\/wp-content\\\/uploads\\\/2022\\\/04\\\/bauz_logo640.jpg\",\"width\":680,\"height\":290,\"caption\":\"BauZ!\"},\"image\":{\"@id\":\"https:\\\/\\\/www.bauz.at\\\/#\\\/schema\\\/logo\\\/image\\\/\"}}]}<\/script>\n<!-- \/ Yoast SEO plugin. -->","yoast_head_json":{"title":"Thursday, 25 March 2021 - BauZ!","robots":{"index":"index","follow":"follow","max-snippet":"max-snippet:-1","max-image-preview":"max-image-preview:large","max-video-preview":"max-video-preview:-1"},"canonical":"https:\/\/www.bauz.at\/en\/thursday-25-march-2021\/","og_locale":"en_US","og_type":"article","og_title":"Thursday, 25 March 2021 - BauZ!","og_description":"From 8:30: Registration \u00a0 9:00\u201310:30:\u00a0Session 5: [Plus-energy neighbourhoods II]Chair: Karin Stieldorf, TU Wien Welcome: Andreas Pfeiler, Fachverband Steine-Keramik Plus-energy quarter renovation of the listed Otto-Wagner-Areal in Vienna \u2013 a feasibility analysis Helmut Sch\u00f6berl, Klemens Schl\u00f6gl, Ernst Schriefl, Sch\u00f6berl&amp;P\u00f6ll GmbH, Vienna \u201eQuitting Gas \u2013 typologic reappraisal for the complete phase-out of gas in the building sector&#8221; [&hellip;]","og_url":"https:\/\/www.bauz.at\/en\/thursday-25-march-2021\/","og_site_name":"BauZ!","article_modified_time":"2021-04-12T08:02:34+00:00","twitter_card":"summary_large_image","twitter_misc":{"Est. reading time":"2 minutes"},"schema":{"@context":"https:\/\/schema.org","@graph":[{"@type":"WebPage","@id":"https:\/\/www.bauz.at\/en\/thursday-25-march-2021\/","url":"https:\/\/www.bauz.at\/en\/thursday-25-march-2021\/","name":"Thursday, 25 March 2021 - BauZ!","isPartOf":{"@id":"https:\/\/www.bauz.at\/#website"},"datePublished":"2020-11-28T09:43:56+00:00","dateModified":"2021-04-12T08:02:34+00:00","breadcrumb":{"@id":"https:\/\/www.bauz.at\/en\/thursday-25-march-2021\/#breadcrumb"},"inLanguage":"en-US","potentialAction":[{"@type":"ReadAction","target":["https:\/\/www.bauz.at\/en\/thursday-25-march-2021\/"]}]},{"@type":"BreadcrumbList","@id":"https:\/\/www.bauz.at\/en\/thursday-25-march-2021\/#breadcrumb","itemListElement":[{"@type":"ListItem","position":1,"name":"Startseite","item":"https:\/\/www.bauz.at\/"},{"@type":"ListItem","position":2,"name":"Thursday, 25 March 2021"}]},{"@type":"WebSite","@id":"https:\/\/www.bauz.at\/#website","url":"https:\/\/www.bauz.at\/","name":"BauZ!","description":"International Congress subsequent to the Advantage Austria B2B Matchmaking Event \"Future of Building\"","publisher":{"@id":"https:\/\/www.bauz.at\/#organization"},"potentialAction":[{"@type":"SearchAction","target":{"@type":"EntryPoint","urlTemplate":"https:\/\/www.bauz.at\/?s={search_term_string}"},"query-input":{"@type":"PropertyValueSpecification","valueRequired":true,"valueName":"search_term_string"}}],"inLanguage":"en-US"},{"@type":"Organization","@id":"https:\/\/www.bauz.at\/#organization","name":"BauZ!","url":"https:\/\/www.bauz.at\/","logo":{"@type":"ImageObject","inLanguage":"en-US","@id":"https:\/\/www.bauz.at\/#\/schema\/logo\/image\/","url":"https:\/\/www.bauz.at\/wp-content\/uploads\/2022\/04\/bauz_logo640.jpg","contentUrl":"https:\/\/www.bauz.at\/wp-content\/uploads\/2022\/04\/bauz_logo640.jpg","width":680,"height":290,"caption":"BauZ!"},"image":{"@id":"https:\/\/www.bauz.at\/#\/schema\/logo\/image\/"}}]}},"_links":{"self":[{"href":"https:\/\/www.bauz.at\/en\/wp-json\/wp\/v2\/pages\/13350","targetHints":{"allow":["GET"]}}],"collection":[{"href":"https:\/\/www.bauz.at\/en\/wp-json\/wp\/v2\/pages"}],"about":[{"href":"https:\/\/www.bauz.at\/en\/wp-json\/wp\/v2\/types\/page"}],"author":[{"embeddable":true,"href":"https:\/\/www.bauz.at\/en\/wp-json\/wp\/v2\/users\/5"}],"replies":[{"embeddable":true,"href":"https:\/\/www.bauz.at\/en\/wp-json\/wp\/v2\/comments?post=13350"}],"version-history":[{"count":56,"href":"https:\/\/www.bauz.at\/en\/wp-json\/wp\/v2\/pages\/13350\/revisions"}],"predecessor-version":[{"id":14202,"href":"https:\/\/www.bauz.at\/en\/wp-json\/wp\/v2\/pages\/13350\/revisions\/14202"}],"wp:attachment":[{"href":"https:\/\/www.bauz.at\/en\/wp-json\/wp\/v2\/media?parent=13350"}],"curies":[{"name":"wp","href":"https:\/\/api.w.org\/{rel}","templated":true}]}}